{"id":443,"date":"2025-06-27T12:31:32","date_gmt":"2025-06-27T10:31:32","guid":{"rendered":"https:\/\/youniquecommunication.hu\/?page_id=443"},"modified":"2025-10-27T06:52:46","modified_gmt":"2025-10-27T05:52:46","slug":"startseite","status":"publish","type":"page","link":"https:\/\/youniquecommunication.hu\/?page_id=443&lang=de","title":{"rendered":"Startseite"},"content":{"rendered":"<h1>Kommunikation,<br \/>wie Du sie Dir ertr\u00e4umt hast!<\/h1>\n<div>\n<p>Wilkommen auf der YOUnique Website!\u00a0<\/p>\n<p>Erfolgreiches Marketing ist nicht nur eine Frage der Reichweite, sondern auch der Einzigartigkeit. Unser Ziel ist es, durch eine individuelle Strategie und kreative L\u00f6sungen eine Marke aufzubauen, die nicht nur wahrgenommen, sondern auch eingepr\u00e4gt wird.<\/p>\n<\/div>\n<ul>\n<li>\n<p>        <video src=\"\/wp-content\/uploads\/2025\/06\/HannesReeh_Andau_1.mp4\"><\/video><\/p>\n<h1>Hannes Reeh, Andau \u2013 The Artline Collection<\/h1>\n<p>Film<\/p>\n<div>\n<p>Wir waren nur ein paar Schritte jenseits der Grenze in Andau. Das Weingut Hannes Reeh pr\u00e4sentierte seine neueste Zusammenarbeit mit dem K\u00fcnstler Martin Tardy, dessen Strichzeichnungen die Etiketten der Artline Collection Weine zieren. Die Premiere war ein wahrhaft stilvolles Influencer-Event, das die Creme des \u00f6sterreichischen \u00f6ffentlichen Lebens zum Vorschein brachte, und wir waren den ganzen Abend mit unserer Kamera dabei.<\/p>\n<\/div>\n<p><a href=\"\/projekt\/hannes-reeh-andau\/\">Weiter<\/a><\/p>\n<\/li>\n<li>\n<p>        <img decoding=\"async\" src=\"\/wp-content\/uploads\/2025\/06\/tothborbirtok-piknik-1-%E2%80%93-nagy.jpeg\" alt=\"\"><\/p>\n<h1>Weingut T\u00d3THBORBIRTOK &#8211; Besuch und Picknick zum Pfingsten<\/h1>\n<p>Foto<\/p>\n<div>\n<p>Die trendige Veranstaltung des jungen, aufstrebenden Weinguts der Weinregion Pannonhalma, die jedes Jahr stattfindet und Hunderte von Menschen anlockt, ist f\u00fcr uns fast keine Arbeit, sondern eher Spa\u00df, den wir nat\u00fcrlich mit der gleichen Professionalit\u00e4t fotografieren, als w\u00e4ren wir in einem Operationssaal&#8230; einfach weil wir es schon mal gemacht haben. \ud83d\ude09\u00a0<\/p>\n<\/div>\n<p><a href=\"\/de\/projekt\/weingut-tothborbirtok-besuch-und-picknick-zum-pfingsten\/\">R\u00e9szletek<\/a><\/p>\n<\/li>\n<li>\n<p>        <video src=\"\/wp-content\/uploads\/2025\/06\/AUDI-TT_3gen_HU_1.mp4\"><\/video><\/p>\n<h1>3 Generationen AUDI TT<\/h1>\n<p>Film<\/p>\n<div>\n<p>Manche Auftr\u00e4ge sind besonders bewegend. 3 Generationen des ikonischen Sportwagens, der zu einem Hungarikum geworden ist und die Identit\u00e4t nicht nur eines Unternehmens, sondern auch einer Stadt \u00fcber viele Jahre gepr\u00e4gt hat.<\/p>\n<\/div>\n<p><a href=\"\/de\/projekt\/3-generationen-audi-tt\/\">Weiter<\/a><\/p>\n<\/li>\n<li>\n<p>        <img decoding=\"async\" src=\"\/wp-content\/uploads\/2025\/06\/TothBorbirtok-feldolgozo-uzem-atadasa-09_13-pentek12-scaled.jpg\" alt=\"\"><\/p>\n<h1>T\u00d3THBORBIRTOK Einweihung der Weinverarbeitungsanlage<\/h1>\n<p>Evenetmanagement<\/p>\n<div>\n<p>Trotz des schlechten Wetters feierten viele wichtige Personen die Einweihung der Weinverarbeitungsanlage des Weinguts T\u00d3THBORBIRTOK. Im Beisein des Landwirtschaftsministers Dr. Istv\u00e1n Nagy, des Landesabgeordneten \u00c1kos Kara, des OSB-Priors Hug\u00f3 Matusz, des B\u00fcrgermeisters von Pannonhalma, von Weinliebhabern aus Gy\u0151r und Pannonhalma, von Winzerkollegen aus der Weinregion, von professionellen Partnern und unterst\u00fctzenden Freunden konnten wir die Kr\u00f6nung der Arbeit der vergangenen Jahre feiern.<\/p>\n<\/div>\n<p><a href=\"\/de\/projekt\/tothborbirtok-einweihung-der-weinverarbeitungsanlage\/\">Weiter<\/a><\/p>\n<\/li>\n<li>\n<p>        <img decoding=\"async\" src=\"\/wp-content\/uploads\/2025\/06\/IMG_1261-scaled.jpg\" alt=\"\"><\/p>\n<h1>VA-FA Tischlerei GmbH.<\/h1>\n<p>Social Media<\/p>\n<div>\n<p>Social Media ist eine der S\u00e4ulen der digitalen Pr\u00e4senz des Unternehmens aus Mosonmagyar\u00f3v\u00e1r. Wir tragen auch mit Fotoshootings zur Pr\u00e4sentation des Zimmererhandwerks und seiner Projekte bei, so produzieren wir unserem Kunden nicht nur Text-, sondern oft auch Fotoinhalte.<\/p>\n<\/div>\n<p><a href=\"\/de\/projekt\/va-fa-tischlerei-gmbh\/\">Weiter<\/a><\/p>\n<\/li>\n<\/ul>\n<h2>Nachrichten<\/h2>\n<div>Bei uns ist immer etwas los, hier sind unsere Neuigkeiten.<\/p>\n<\/div>\n<div>\n<\/div>\n<p><p>\n        <a href=\"\/?page_id=574&amp;lang=de\">Alle<\/a>\n    <\/p>\n<\/p>\n<h2>Hast Du eine Frage?<\/h2>\n<ul>\n<li>\n<h3>Wie beginnen wir ein gemeinsames Projekt?<\/h3>\n<div>\n<p>Das erste und wichtigste ist das gegenseitige Kennenlernen. Kommunikation ist schlie\u00dflich auch eine Frage des Vertrauens. Du lernst uns kennen und das Vertrauen ist aufgebaut, wir lernen Deine Organisation gr\u00fcndlich kennen, um eine relevante und personalisierte L\u00f6sung anbieten zu k\u00f6nnen. Wer sind Deine Zielgruppen und Interessengruppen? Wie willst Du mit ihnen in Kontakt treten? \u00dcber welche Kan\u00e4le und Instrumente kannst Du sie am besten erreichen? Wir kennen die Antwort und Du wei\u00dft, dass Du die richtige Wahl getroffen hast!<\/p>\n<\/div>\n<\/li>\n<li>\n<h3>Wie hoch sind unsere Preise?<\/h3>\n<div>\n<p>Unsere Agentur arbeitet mit projektbezogenen Preisen, die sich naturgem\u00e4\u00df nach dem Inhalt des jeweiligen Auftrags richten. Grunds\u00e4tzlich gilt, dass wir unsere Arbeitszeit, unser Wissen und unsere Kreativit\u00e4t bezahlen lassen.<\/p>\n<\/div>\n<\/li>\n<li>\n<h3>Warum wir?<\/h3>\n<div>\n<p class=\"p1\">Weil wir wie Du und Dein Unternehmen etwas Besonderes sind. Das liegt vor allem daran, dass wir uns um unsere Kunden k\u00fcmmern und jeden mit der gr\u00f6\u00dftm\u00f6glichen Professionalit\u00e4t behandeln. Jeder einzelne unserer Kollegen ist ein hervorragender Vertreter seines Berufs und vor allem ein Liebhaber dieses Berufs. Sonst w\u00fcrde es sich nicht lohnen.<\/p>\n<\/div>\n<\/li>\n<\/ul>\n<p><!--more--><br \/>\n<!-- {\"type\":\"layout\",\"children\":[{\"type\":\"section\",\"props\":{\"image_position\":\"center-center\",\"padding\":\"large\",\"padding_remove_bottom\":false,\"style\":\"default\",\"title_breakpoint\":\"xl\",\"title_position\":\"top-left\",\"title_rotation\":\"left\",\"vertical_align\":\"\",\"width\":\"large\"},\"children\":[{\"type\":\"row\",\"children\":[{\"type\":\"column\",\"props\":{\"image_position\":\"center-center\",\"position_sticky_breakpoint\":\"m\",\"width_medium\":\"3-5\"},\"children\":[{\"type\":\"headline\",\"props\":{\"content\":\"Kommunikation,<br \\\/>wie Du sie Dir ertr\\u00e4umt hast!\",\"title_color\":\"background\",\"title_element\":\"h1\",\"title_style\":\"heading-medium\"}}]},{\"type\":\"column\",\"props\":{\"image_position\":\"center-center\",\"position_sticky_breakpoint\":\"m\",\"width_medium\":\"2-5\"},\"children\":[{\"type\":\"text\",\"props\":{\"column_breakpoint\":\"m\",\"content\":\"\n\n<p>Wilkommen auf der YOUnique Website!\\u00a0<\\\/p>\\n\n\n<p>Erfolgreiches Marketing ist nicht nur eine Frage der Reichweite, sondern auch der Einzigartigkeit. Unser Ziel ist es, durch eine individuelle Strategie und kreative L\\u00f6sungen eine Marke aufzubauen, die nicht nur wahrgenommen, sondern auch eingepr\\u00e4gt wird.<\\\/p>\",\"margin\":\"default\",\"text_style\":\"lead\"}}]}],\"props\":{\"layout\":\"3-5,2-5\"}}],\"name\":\"Hero\"},{\"type\":\"section\",\"props\":{\"image_position\":\"center-center\",\"padding_remove_top\":true,\"style\":\"default\",\"title_breakpoint\":\"xl\",\"title_position\":\"top-left\",\"title_rotation\":\"left\",\"vertical_align\":\"\",\"width\":\"large\",\"width_expand\":\"left\"},\"children\":[{\"type\":\"row\",\"children\":[{\"type\":\"column\",\"props\":{\"image_position\":\"center-center\",\"position_sticky_breakpoint\":\"m\"},\"children\":[{\"type\":\"panel-slider\",\"props\":{\"content_column_breakpoint\":\"m\",\"css\":\"@media (max-width: 959px) {\\n    \\n    .el-element.uk-container-item-padding-remove-left {\\n        width: 100%;\\n        margin-left: 0;\\n    }\\n    \\n}\",\"icon_width\":80,\"image_align\":\"left\",\"image_grid_breakpoint\":\"m\",\"image_grid_width\":\"1-2\",\"image_height\":1080,\"image_svg_color\":\"emphasis\",\"image_width\":1920,\"link_style\":\"default\",\"link_text\":\"R\\u00e9szletek\",\"margin\":\"default\",\"meta_align\":\"below-title\",\"meta_element\":\"div\",\"meta_style\":\"text-meta\",\"nav\":\"dotnav\",\"nav_align\":\"center\",\"nav_breakpoint\":\"s\",\"panel_expand\":\"image\",\"panel_match\":false,\"show_content\":true,\"show_hover_image\":true,\"show_hover_video\":true,\"show_image\":true,\"show_link\":true,\"show_meta\":true,\"show_title\":true,\"show_video\":true,\"slidenav\":\"outside\",\"slidenav_breakpoint\":\"xl\",\"slidenav_margin\":\"medium\",\"slidenav_outside_breakpoint\":\"xl\",\"slider_autoplay\":true,\"slider_autoplay_interval\":\"5\",\"slider_autoplay_pause\":true,\"slider_gap\":\"large\",\"slider_parallax\":false,\"slider_width\":\"fixed\",\"slider_width_default\":\"1-1\",\"slider_width_medium\":\"\",\"title_align\":\"top\",\"title_element\":\"h1\",\"title_grid_breakpoint\":\"m\",\"title_grid_width\":\"1-2\",\"title_hover_style\":\"reset\"},\"children\":[{\"type\":\"panel-slider_item\",\"props\":{\"content\":\"\n\n<p>Wir waren nur ein paar Schritte jenseits der Grenze in Andau. Das Weingut Hannes Reeh pr\\u00e4sentierte seine neueste Zusammenarbeit mit dem K\\u00fcnstler Martin Tardy, dessen Strichzeichnungen die Etiketten der Artline Collection Weine zieren. Die Premiere war ein wahrhaft stilvolles Influencer-Event, das die Creme des \\u00f6sterreichischen \\u00f6ffentlichen Lebens zum Vorschein brachte, und wir waren den ganzen Abend mit unserer Kamera dabei.<\\\/p>\",\"link\":\"projekt\\\/hannes-reeh-andau\\\/\",\"link_text\":\"Weiter\",\"meta\":\"Film\",\"title\":\"Hannes Reeh, Andau \\u2013 The Artline Collection\",\"video\":\"wp-content\\\/uploads\\\/2025\\\/06\\\/HannesReeh_Andau_1.mp4\"}},{\"type\":\"panel-slider_item\",\"props\":{\"content\":\"\n\n<p>Die trendige Veranstaltung des jungen, aufstrebenden Weinguts der Weinregion Pannonhalma, die jedes Jahr stattfindet und Hunderte von Menschen anlockt, ist f\\u00fcr uns fast keine Arbeit, sondern eher Spa\\u00df, den wir nat\\u00fcrlich mit der gleichen Professionalit\\u00e4t fotografieren, als w\\u00e4ren wir in einem Operationssaal... einfach weil wir es schon mal gemacht haben. \\ud83d\\ude09\\u00a0<\\\/p>\",\"image\":\"wp-content\\\/uploads\\\/2025\\\/06\\\/tothborbirtok-piknik-1-\\u2013-nagy.jpeg\",\"link\":\"de\\\/projekt\\\/weingut-tothborbirtok-besuch-und-picknick-zum-pfingsten\\\/\",\"meta\":\"Foto\",\"title\":\"Weingut T\\u00d3THBORBIRTOK - Besuch und Picknick zum Pfingsten\"}},{\"type\":\"panel-slider_item\",\"props\":{\"content\":\"\n\n<p>Manche Auftr\\u00e4ge sind besonders bewegend. 3 Generationen des ikonischen Sportwagens, der zu einem Hungarikum geworden ist und die Identit\\u00e4t nicht nur eines Unternehmens, sondern auch einer Stadt \\u00fcber viele Jahre gepr\\u00e4gt hat.<\\\/p>\",\"image\":\"\",\"link\":\"de\\\/projekt\\\/3-generationen-audi-tt\\\/\",\"link_text\":\"Weiter\",\"meta\":\"Film\",\"title\":\"3 Generationen AUDI TT\",\"video\":\"wp-content\\\/uploads\\\/2025\\\/06\\\/AUDI-TT_3gen_HU_1.mp4\"}},{\"type\":\"panel-slider_item\",\"props\":{\"content\":\"\n\n<p>Trotz des schlechten Wetters feierten viele wichtige Personen die Einweihung der Weinverarbeitungsanlage des Weinguts T\\u00d3THBORBIRTOK. Im Beisein des Landwirtschaftsministers Dr. Istv\\u00e1n Nagy, des Landesabgeordneten \\u00c1kos Kara, des OSB-Priors Hug\\u00f3 Matusz, des B\\u00fcrgermeisters von Pannonhalma, von Weinliebhabern aus Gy\\u0151r und Pannonhalma, von Winzerkollegen aus der Weinregion, von professionellen Partnern und unterst\\u00fctzenden Freunden konnten wir die Kr\\u00f6nung der Arbeit der vergangenen Jahre feiern.<\\\/p>\",\"image\":\"wp-content\\\/uploads\\\/2025\\\/06\\\/TothBorbirtok-feldolgozo-uzem-atadasa-09_13-pentek12-scaled.jpg\",\"link\":\"de\\\/projekt\\\/tothborbirtok-einweihung-der-weinverarbeitungsanlage\\\/\",\"link_text\":\"Weiter\",\"meta\":\"Evenetmanagement\",\"title\":\"T\\u00d3THBORBIRTOK Einweihung der Weinverarbeitungsanlage\",\"video\":\"\"}},{\"type\":\"panel-slider_item\",\"props\":{\"content\":\"\n\n<p>Social Media ist eine der S\\u00e4ulen der digitalen Pr\\u00e4senz des Unternehmens aus Mosonmagyar\\u00f3v\\u00e1r. Wir tragen auch mit Fotoshootings zur Pr\\u00e4sentation des Zimmererhandwerks und seiner Projekte bei, so produzieren wir unserem Kunden nicht nur Text-, sondern oft auch Fotoinhalte.<\\\/p>\",\"image\":\"wp-content\\\/uploads\\\/2025\\\/06\\\/IMG_1261-scaled.jpg\",\"link\":\"de\\\/projekt\\\/va-fa-tischlerei-gmbh\\\/\",\"link_text\":\"Weiter\",\"meta\":\"Social Media\",\"title\":\"VA-FA Tischlerei GmbH.\",\"video\":\"\"}}]}]}]}],\"name\":\"Featured Company\"},{\"type\":\"section\",\"props\":{\"image_position\":\"center-center\",\"padding_remove_bottom\":false,\"style\":\"muted\",\"title_breakpoint\":\"xl\",\"title_position\":\"top-left\",\"title_rotation\":\"left\",\"vertical_align\":\"\",\"width\":\"large\"},\"children\":[{\"type\":\"row\",\"props\":{\"margin\":\"large\"},\"children\":[{\"type\":\"column\",\"props\":{\"image_position\":\"center-center\",\"position_sticky_breakpoint\":\"m\",\"width_medium\":\"1-1\"},\"children\":[{\"type\":\"headline\",\"props\":{\"content\":\"Nachrichten\",\"title_element\":\"h2\",\"title_style\":\"h1\"}}]}]},{\"type\":\"row\",\"props\":{\"column_gap\":\"large\",\"layout\":\"1-4,3-4\",\"margin\":\"large\"},\"children\":[{\"type\":\"column\",\"props\":{\"image_position\":\"center-center\",\"position_sticky_breakpoint\":\"m\",\"width_large\":\"1-4\"},\"children\":[{\"type\":\"divider\",\"props\":{\"divider_element\":\"div\",\"divider_style\":\"small\",\"margin\":\"medium\"}},{\"type\":\"text\",\"props\":{\"column_breakpoint\":\"m\",\"content\":\"Bei uns ist immer etwas los, hier sind unsere Neuigkeiten.\\n\\n\",\"margin\":\"default\",\"margin_remove_bottom\":false,\"maxwidth\":\"medium\",\"maxwidth_breakpoint\":\"m\"}}]},{\"type\":\"column\",\"props\":{\"image_position\":\"center-center\",\"position_sticky_breakpoint\":\"m\",\"width_large\":\"3-4\"},\"children\":[{\"type\":\"grid\",\"props\":{\"content_column_breakpoint\":\"m\",\"filter_align\":\"left\",\"filter_all\":true,\"filter_grid_breakpoint\":\"m\",\"filter_grid_width\":\"auto\",\"filter_position\":\"top\",\"filter_style\":\"tab\",\"grid_column_gap\":\"medium\",\"grid_default\":\"1\",\"grid_masonry\":\"pack\",\"grid_medium\":\"3\",\"grid_row_gap\":\"medium\",\"grid_small\":\"2\",\"icon_width\":80,\"image_align\":\"top\",\"image_grid_breakpoint\":\"m\",\"image_grid_width\":\"1-2\",\"image_height\":350,\"image_svg_color\":\"emphasis\",\"image_width\":\"610\",\"item_animation\":true,\"lightbox_bg_close\":true,\"link_style\":\"default\",\"link_text\":\"\",\"margin\":\"default\",\"meta_align\":\"below-title\",\"meta_element\":\"div\",\"meta_style\":\"text-meta\",\"panel_image_no_padding\":true,\"panel_link\":true,\"panel_link_hover\":\"true\",\"panel_padding\":\"default\",\"panel_style\":\"card-default\",\"parallax_easing\":\"1\",\"show_content\":true,\"show_hover_image\":true,\"show_hover_video\":true,\"show_image\":true,\"show_link\":true,\"show_meta\":true,\"show_title\":true,\"show_video\":true,\"title_align\":\"top\",\"title_element\":\"h3\",\"title_grid_breakpoint\":\"m\",\"title_grid_width\":\"1-2\",\"title_hover_style\":\"reset\",\"title_style\":\"h4\"},\"children\":[{\"type\":\"grid_item\",\"props\":{\"item_element\":\"article\"},\"source\":{\"query\":{\"name\":\"posts.customPosts\",\"arguments\":{\"terms\":[],\"category_operator\":\"IN\",\"post_tag_operator\":\"IN\",\"users\":[],\"users_operator\":\"IN\",\"offset\":0,\"limit\":3,\"order\":\"date\",\"order_direction\":\"DESC\"}},\"props\":{\"title\":{\"name\":\"title\"},\"meta\":{\"filters\":{\"date\":\"\"},\"name\":\"date\"},\"image\":{\"name\":\"featuredImage.url\"},\"link\":{\"name\":\"link\"}}}}]},{\"type\":\"button\",\"props\":{\"grid_column_gap\":\"small\",\"grid_row_gap\":\"small\",\"margin\":\"large\",\"text_align\":\"right\",\"text_align_breakpoint\":\"m\"},\"children\":[{\"type\":\"button_item\",\"props\":{\"button_style\":\"text\",\"content\":\"Alle\",\"dialog_layout\":\"modal\",\"dialog_offcanvas_flip\":true,\"icon_align\":\"left\",\"link\":\"?page_id=574&lang=de\"}}]}]}]}],\"name\":\"Latest Posts\"},{\"type\":\"section\",\"props\":{\"image_position\":\"center-center\",\"padding\":\"large\",\"style\":\"default\",\"title_breakpoint\":\"xl\",\"title_position\":\"top-left\",\"title_rotation\":\"left\",\"vertical_align\":\"\",\"width\":\"default\"},\"children\":[{\"type\":\"row\",\"props\":{\"layout\":\"1-3,2-3\"},\"children\":[{\"type\":\"column\",\"props\":{\"image_position\":\"center-center\",\"position_sticky_breakpoint\":\"m\",\"width_medium\":\"1-3\"},\"children\":[{\"type\":\"headline\",\"props\":{\"content\":\"Hast Du eine Frage?\",\"maxwidth\":\"medium\",\"title_element\":\"h2\",\"title_style\":\"h1\"}}]},{\"type\":\"column\",\"props\":{\"image_position\":\"center-center\",\"position_sticky_breakpoint\":\"m\",\"width_medium\":\"2-3\"},\"children\":[{\"type\":\"accordion\",\"props\":{\"collapsible\":true,\"content_column_breakpoint\":\"m\",\"image_align\":\"top\",\"image_grid_breakpoint\":\"m\",\"image_grid_width\":\"1-2\",\"image_svg_color\":\"emphasis\",\"link_style\":\"default\",\"link_text\":\"Read more\",\"multiple\":true,\"show_image\":true,\"show_link\":true},\"children\":[{\"type\":\"accordion_item\",\"props\":{\"content\":\"\n\n<p>Das erste und wichtigste ist das gegenseitige Kennenlernen. Kommunikation ist schlie\\u00dflich auch eine Frage des Vertrauens. Du lernst uns kennen und das Vertrauen ist aufgebaut, wir lernen Deine Organisation gr\\u00fcndlich kennen, um eine relevante und personalisierte L\\u00f6sung anbieten zu k\\u00f6nnen. Wer sind Deine Zielgruppen und Interessengruppen? Wie willst Du mit ihnen in Kontakt treten? \\u00dcber welche Kan\\u00e4le und Instrumente kannst Du sie am besten erreichen? Wir kennen die Antwort und Du wei\\u00dft, dass Du die richtige Wahl getroffen hast!<\\\/p>\",\"title\":\"Wie beginnen wir ein gemeinsames Projekt?\"}},{\"type\":\"accordion_item\",\"props\":{\"content\":\"\n\n<p>Unsere Agentur arbeitet mit projektbezogenen Preisen, die sich naturgem\\u00e4\\u00df nach dem Inhalt des jeweiligen Auftrags richten. Grunds\\u00e4tzlich gilt, dass wir unsere Arbeitszeit, unser Wissen und unsere Kreativit\\u00e4t bezahlen lassen.<\\\/p>\",\"title\":\"Wie hoch sind unsere Preise?\"}},{\"type\":\"accordion_item\",\"props\":{\"content\":\"\n\n<p class=\\\"p1\\\">Weil wir wie Du und Dein Unternehmen etwas Besonderes sind. Das liegt vor allem daran, dass wir uns um unsere Kunden k\\u00fcmmern und jeden mit der gr\\u00f6\\u00dftm\\u00f6glichen Professionalit\\u00e4t behandeln. Jeder einzelne unserer Kollegen ist ein hervorragender Vertreter seines Berufs und vor allem ein Liebhaber dieses Berufs. Sonst w\\u00fcrde es sich nicht lohnen.<\\\/p>\",\"title\":\"Warum wir?\"}}]}]}]}],\"name\":\"FAQ\"}],\"version\":\"4.5.11\"} --><\/p>\n","protected":false},"excerpt":{"rendered":"<p>Kommunikation,wie Du sie Dir ertr\u00e4umt hast! Wilkommen auf der YOUnique Website!\u00a0 Erfolgreiches Marketing ist nicht nur eine Frage der Reichweite, sondern auch der Einzigartigkeit. Unser Ziel ist es, durch eine individuelle Strategie und kreative L\u00f6sungen eine Marke aufzubauen, die nicht nur wahrgenommen, sondern auch eingepr\u00e4gt wird. Hannes Reeh, Andau \u2013 The Artline Collection Film Wir [&hellip;]<\/p>\n","protected":false},"author":1,"featured_media":0,"parent":0,"menu_order":0,"comment_status":"closed","ping_status":"closed","template":"","meta":{"_acf_changed":false,"footnotes":""},"class_list":["post-443","page","type-page","status-publish","hentry"],"acf":[],"lang":"de","translations":{"de":443,"hu":7},"pll_sync_post":[],"_links":{"self":[{"href":"https:\/\/youniquecommunication.hu\/index.php?rest_route=\/wp\/v2\/pages\/443","targetHints":{"allow":["GET"]}}],"collection":[{"href":"https:\/\/youniquecommunication.hu\/index.php?rest_route=\/wp\/v2\/pages"}],"about":[{"href":"https:\/\/youniquecommunication.hu\/index.php?rest_route=\/wp\/v2\/types\/page"}],"author":[{"embeddable":true,"href":"https:\/\/youniquecommunication.hu\/index.php?rest_route=\/wp\/v2\/users\/1"}],"replies":[{"embeddable":true,"href":"https:\/\/youniquecommunication.hu\/index.php?rest_route=%2Fwp%2Fv2%2Fcomments&post=443"}],"version-history":[{"count":5,"href":"https:\/\/youniquecommunication.hu\/index.php?rest_route=\/wp\/v2\/pages\/443\/revisions"}],"predecessor-version":[{"id":577,"href":"https:\/\/youniquecommunication.hu\/index.php?rest_route=\/wp\/v2\/pages\/443\/revisions\/577"}],"wp:attachment":[{"href":"https:\/\/youniquecommunication.hu\/index.php?rest_route=%2Fwp%2Fv2%2Fmedia&parent=443"}],"curies":[{"name":"wp","href":"https:\/\/api.w.org\/{rel}","templated":true}]}}